{"id":12378,"date":"2022-11-03T11:13:33","date_gmt":"2022-11-03T18:13:33","guid":{"rendered":"https:\/\/garymcavoy.com\/noticias\/"},"modified":"2025-12-10T14:26:00","modified_gmt":"2025-12-10T22:26:00","slug":"noticias","status":"publish","type":"page","link":"https:\/\/garymcavoy.com\/es\/noticias\/","title":{"rendered":"Noticias"},"content":{"rendered":"\t\t<div data-elementor-type=\"wp-page\" data-elementor-id=\"12378\" class=\"elementor elementor-12378 elementor-7168\" data-elementor-post-type=\"page\">\n\t\t\t\t\t\t<section data-particle_enable=\"false\" data-particle-mobile-disabled=\"false\" class=\"elementor-section elementor-top-section elementor-element elementor-element-3e6b7625 elementor-section-boxed elementor-section-height-default elementor-section-height-default\" data-id=\"3e6b7625\" data-element_type=\"section\" data-e-type=\"section\">\n\t\t\t\t\t\t<div class=\"elementor-container elementor-column-gap-default\">\n\t\t\t\t\t<div class=\"elementor-column elementor-col-100 elementor-top-column elementor-element elementor-element-6f89d4a4\" data-id=\"6f89d4a4\" data-element_type=\"column\" data-e-type=\"column\">\n\t\t\t<div class=\"elementor-widget-wrap elementor-element-populated\">\n\t\t\t\t\t\t<div class=\"elementor-element elementor-element-e7328bd elementor-widget elementor-widget-spacer\" data-id=\"e7328bd\" data-element_type=\"widget\" data-e-type=\"widget\" data-widget_type=\"spacer.default\">\n\t\t\t\t\t\t\t<div class=\"elementor-spacer\">\n\t\t\t<div class=\"elementor-spacer-inner\"><\/div>\n\t\t<\/div>\n\t\t\t\t\t\t<\/div>\n\t\t\t\t<div class=\"elementor-element elementor-element-b1f55b4 elementor-widget elementor-widget-image\" data-id=\"b1f55b4\" data-element_type=\"widget\" data-e-type=\"widget\" data-widget_type=\"image.default\">\n\t\t\t\t\t\t\t\t\t\t\t\t\t\t\t<img decoding=\"async\" width=\"579\" height=\"68\" src=\"https:\/\/garymcavoy.com\/wp-content\/uploads\/2022\/11\/Where-Fact-Meets-Fiction.jpg\" class=\"attachment-medium_large size-medium_large wp-image-12379\" alt=\"\" srcset=\"https:\/\/garymcavoy.com\/wp-content\/uploads\/2022\/11\/Where-Fact-Meets-Fiction.jpg 579w, https:\/\/garymcavoy.com\/wp-content\/uploads\/2022\/11\/Where-Fact-Meets-Fiction-300x35.jpg 300w, https:\/\/garymcavoy.com\/wp-content\/uploads\/2022\/11\/Where-Fact-Meets-Fiction-250x29.jpg 250w, https:\/\/garymcavoy.com\/wp-content\/uploads\/2022\/11\/Where-Fact-Meets-Fiction-550x65.jpg 550w, https:\/\/garymcavoy.com\/wp-content\/uploads\/2022\/11\/Where-Fact-Meets-Fiction-560x66.jpg 560w\" sizes=\"(max-width: 579px) 100vw, 579px\" \/>\t\t\t\t\t\t\t\t\t\t\t\t\t\t\t<\/div>\n\t\t\t\t<div class=\"elementor-element elementor-element-2be6a09 elementor-widget elementor-widget-heading\" data-id=\"2be6a09\" data-element_type=\"widget\" data-e-type=\"widget\" data-widget_type=\"heading.default\">\n\t\t\t\t\t<h2 class=\"elementor-heading-title elementor-size-default\">Noticias y art\u00edculos relacionados con temas hist\u00f3ricos o contempor\u00e1neos tratados en mis novelas.<\/h2>\t\t\t\t<\/div>\n\t\t\t\t<div class=\"elementor-element elementor-element-861b284 elementor-widget elementor-widget-heading\" data-id=\"861b284\" data-element_type=\"widget\" data-e-type=\"widget\" data-widget_type=\"heading.default\">\n\t\t\t\t\t<h2 class=\"elementor-heading-title elementor-size-default\"><span style=\"font-weight: var(--ignition-font-weight-bold);font-size: 24px;letter-spacing: normal;text-align: center;white-space: normal\">Selecciona de qu\u00e9 libro quieres ver noticias...<\/span><\/h2>\t\t\t\t<\/div>\n\t\t\t\t\t<\/div>\n\t\t<\/div>\n\t\t\t\t\t<\/div>\n\t\t<\/section>\n\t\t\t\t<section data-particle_enable=\"false\" data-particle-mobile-disabled=\"false\" class=\"elementor-section elementor-top-section elementor-element elementor-element-48a6146 elementor-section-boxed elementor-section-height-default elementor-section-height-default\" data-id=\"48a6146\" data-element_type=\"section\" data-e-type=\"section\">\n\t\t\t\t\t\t<div class=\"elementor-container elementor-column-gap-default\">\n\t\t\t\t\t<div class=\"elementor-column elementor-col-100 elementor-top-column elementor-element elementor-element-cc549ed\" data-id=\"cc549ed\" data-element_type=\"column\" data-e-type=\"column\">\n\t\t\t<div class=\"elementor-widget-wrap elementor-element-populated\">\n\t\t\t\t\t\t<div class=\"elementor-element elementor-element-e16a123 premium-blog-align-left elementor-widget elementor-widget-premium-addon-blog\" data-id=\"e16a123\" data-element_type=\"widget\" data-e-type=\"widget\" data-settings=\"{&quot;force_height&quot;:&quot;true&quot;,&quot;premium_blog_columns_number&quot;:&quot;33.33%&quot;,&quot;premium_blog_infinite_scroll&quot;:&quot;yes&quot;,&quot;premium_blog_grid&quot;:&quot;yes&quot;,&quot;premium_blog_layout&quot;:&quot;even&quot;,&quot;premium_blog_columns_number_tablet&quot;:&quot;50%&quot;,&quot;premium_blog_columns_number_mobile&quot;:&quot;100%&quot;,&quot;scroll_to_offset&quot;:&quot;yes&quot;,&quot;filter_flag&quot;:&quot;cat&quot;}\" data-widget_type=\"premium-addon-blog.default\">\n\t\t\t\t\t\n\t\t\t\t\t\t\t<div class=\"premium-blog-filter\">\n\t\t\t<ul class=\"premium-blog-filters-container\">\n\t\t\t\t\t\t\t\t\t<li>\n\t\t\t\t\t\t<a href=\"javascript:;\" class=\"category active\" data-filter=\"*\">\n\t\t\t\t\t\t\tAll\t\t\t\t\t\t<\/a>\n\t\t\t\t\t<\/li>\n\t\t\t\t\t\t\t\t\t\t\t\t\t\t<li>\n\t\t\t\t\t\t\t<a href=\"javascript:;\" class=\"category\" data-filter=\"el-asunto-de-avignon\">\n\t\t\t\t\t\t\t\tEl asunto de Avignon\t\t\t\t\t\t\t<\/a>\n\t\t\t\t\t\t<\/li>\n\t\t\t\t\t\t\t\t\t\t<li>\n\t\t\t\t\t\t\t<a href=\"javascript:;\" class=\"category\" data-filter=\"el-engano-de-la-magdalena\">\n\t\t\t\t\t\t\t\tEl enga\u00f1o de la Magdalena\t\t\t\t\t\t\t<\/a>\n\t\t\t\t\t\t<\/li>\n\t\t\t\t\t\t\t\t\t\t<li>\n\t\t\t\t\t\t\t<a href=\"javascript:;\" class=\"category\" data-filter=\"el-guardian-celestial\">\n\t\t\t\t\t\t\t\tEl Guardi\u00e1n Celestial\t\t\t\t\t\t\t<\/a>\n\t\t\t\t\t\t<\/li>\n\t\t\t\t\t\t\t\t\t\t<li>\n\t\t\t\t\t\t\t<a href=\"javascript:;\" class=\"category\" data-filter=\"el-opus-dictum\">\n\t\t\t\t\t\t\t\tEl Opus Dictum\t\t\t\t\t\t\t<\/a>\n\t\t\t\t\t\t<\/li>\n\t\t\t\t\t\t\t\t\t\t<li>\n\t\t\t\t\t\t\t<a href=\"javascript:;\" class=\"category\" data-filter=\"el-relicario-de-la-magdalena\">\n\t\t\t\t\t\t\t\tEl relicario de la Magdalena\t\t\t\t\t\t\t<\/a>\n\t\t\t\t\t\t<\/li>\n\t\t\t\t\t\t\t\t\t\t<li>\n\t\t\t\t\t\t\t<a href=\"javascript:;\" class=\"category\" data-filter=\"el-velo-de-la-magdalena\">\n\t\t\t\t\t\t\t\tEl velo de la Magdalena\t\t\t\t\t\t\t<\/a>\n\t\t\t\t\t\t<\/li>\n\t\t\t\t\t\t\t\t\t\t<li>\n\t\t\t\t\t\t\t<a href=\"javascript:;\" class=\"category\" data-filter=\"la-cifra-vivaldi\">\n\t\t\t\t\t\t\t\tLa Cifra Vivaldi\t\t\t\t\t\t\t<\/a>\n\t\t\t\t\t\t<\/li>\n\t\t\t\t\t\t\t\t\t\t<li>\n\t\t\t\t\t\t\t<a href=\"javascript:;\" class=\"category\" data-filter=\"la-profecia-de-petrus\">\n\t\t\t\t\t\t\t\tLa profec\u00eda de Petrus\t\t\t\t\t\t\t<\/a>\n\t\t\t\t\t\t<\/li>\n\t\t\t\t\t\t\t\t\t\t<li>\n\t\t\t\t\t\t\t<a href=\"javascript:;\" class=\"category\" data-filter=\"la-tactica-galileo\">\n\t\t\t\t\t\t\t\tLa t\u00e1ctica Galileo\t\t\t\t\t\t\t<\/a>\n\t\t\t\t\t\t<\/li>\n\t\t\t\t\t\t\t\t\t\t<li>\n\t\t\t\t\t\t\t<a href=\"javascript:;\" class=\"category\" data-filter=\"la-traicion-pompeyana\">\n\t\t\t\t\t\t\t\tLa Traici\u00f3n Pompeyana\t\t\t\t\t\t\t<\/a>\n\t\t\t\t\t\t<\/li>\n\t\t\t\t\t\t\t\t\t\t<li>\n\t\t\t\t\t\t\t<a href=\"javascript:;\" class=\"category\" data-filter=\"las-confesiones-del-papa-juana\">\n\t\t\t\t\t\t\t\tLas Confesiones del Papa Juana\t\t\t\t\t\t\t<\/a>\n\t\t\t\t\t\t<\/li>\n\t\t\t\t\t\t\t\t\t\t<li>\n\t\t\t\t\t\t\t<a href=\"javascript:;\" class=\"category\" data-filter=\"los-rollos-de-jerusalen\">\n\t\t\t\t\t\t\t\tLos rollos de Jerusal\u00e9n\t\t\t\t\t\t\t<\/a>\n\t\t\t\t\t\t<\/li>\n\t\t\t\t\t\t\t\t\t\t<li>\n\t\t\t\t\t\t\t<a href=\"javascript:;\" class=\"category\" data-filter=\"pacto-de-la-cruz-de-hierro\">\n\t\t\t\t\t\t\t\tPacto de la Cruz de Hierro\t\t\t\t\t\t\t<\/a>\n\t\t\t\t\t\t<\/li>\n\t\t\t\t\t\t\t<\/ul>\n\t\t<\/div>\n\t\t\t\t\n\n\t\t\t\t<div class=\"premium-blog-wrap  premium-blog-even\" data-page=\"12378\">\n\t\t\t\t\t\t\t\t\t<div class=\"premium-blog-post-outer-container la-traicion-pompeyana\" data-total=\"4\">\n\t\t\t<div class=\"premium-blog-post-container premium-blog-skin-classic\">\n\t\t\t\t\t\t\t\t\t\t\t\t<div class=\"premium-blog-content-wrapper empty-thumb\">\n\n\t\t\t\t\t<div class=\"premium-blog-inner-container\">\n\n\t\t\t\t\t\t\t\t\t\t\t\t\t\t<h2 class=\"premium-blog-entry-title\">\n\t\t\t<a href=\"https:\/\/garymcavoy.com\/es\/conservando-los-ultimos-momentos-de-las-victimas-de-pompeya-hace-2-000-anos\/\" target=\"_blank\">\n\t\t\t\tConservando los \u00faltimos momentos de las v\u00edctimas de Pompeya hace 2.000 a\u00f1os\t\t\t<\/a>\n\t\t<\/h2>\n\t\t\t\t<div class=\"premium-blog-entry-meta\">\n\t\t\t\n\t\t\t\n\t\t\t\t\t\t\t<span class=\"premium-blog-meta-separator\">\u2022<\/span>\n\t\t\t\t<div class=\"premium-blog-post-categories premium-blog-meta-data\">\n\t\t\t\t\t<i class=\"fa fa-align-left fa-fw\" aria-hidden=\"true\"><\/i>\n\t\t\t\t\t<a href=\"https:\/\/garymcavoy.com\/es\/category\/la-traicion-pompeyana\/\" rel=\"category tag\">La Traici\u00f3n Pompeyana<\/a>\t\t\t\t<\/div>\n\t\t\t\n\t\t\t\t\t<\/div>\n\t\t\n\t\t\t\t\t<\/div>\n\n\t\t\t\t\t\t\t<div class=\"premium-blog-content-inner-wrapper\">\n\t\t<p class=\"premium-blog-post-content\">Los sobrecogedores moldes que conservan los \u00faltimos momentos de las v\u00edctimas de Pompeya hace 2.000 a\u00f1os se exponen en una nueva exposici\u00f3n solemne Christian Thorsberg &#8211; Corresponsal de Smithsonian Magazine16 de marzo de 2026 Los [&hellip;]<\/p>\t\t<\/div>\n\t\t\t\t\t\t\t\n\t\t\t\t<\/div>\n\t\t\t<\/div>\n\t\t<\/div>\n\n\t\t\t\t<div class=\"premium-blog-post-outer-container pacto-de-la-cruz-de-hierro\" data-total=\"4\">\n\t\t\t<div class=\"premium-blog-post-container premium-blog-skin-classic\">\n\t\t\t\t\t\t\t\t\t<div class=\"premium-blog-thumb-effect-wrapper\">\n\t\t\t\t\t\t<div class=\"premium-blog-thumbnail-container premium-blog-zoomin-effect\">\n\t\t\t\t\t\t\t<img fetchpriority=\"high\" decoding=\"async\" width=\"510\" height=\"370\" src=\"https:\/\/garymcavoy.com\/wp-content\/uploads\/2025\/07\/Poland-greenlights-search-for-Amber-Room-1.jpg\" class=\"attachment-full size-full wp-image-12450\" alt=\"\" srcset=\"https:\/\/garymcavoy.com\/wp-content\/uploads\/2025\/07\/Poland-greenlights-search-for-Amber-Room-1.jpg 510w, https:\/\/garymcavoy.com\/wp-content\/uploads\/2025\/07\/Poland-greenlights-search-for-Amber-Room-1-300x218.jpg 300w\" sizes=\"(max-width: 510px) 100vw, 510px\" \/>\t\t\t\t\t\t<\/div>\n\t\t\t\t\t\t\t\t\t\t\t\t\t<div class=\"premium-blog-thumbnail-overlay\">\n\t\t\t\t\t\t\t\t<a class=\"elementor-icon\" href=\"https:\/\/garymcavoy.com\/es\/polonia-aprueba-la-excavacion-de-un-bunker-nazi-oculto-que-esconde-la-legendaria-sala-ambar\/\" target=\"_blank\"><\/a>\n\t\t\t\t\t\t\t<\/div>\n\n\t\t\t\t\t\t\t\t\t\t\t\t\t\t\t\t\t\t<\/div>\n\t\t\t\t\t\t\t\t\t\t\t\t<div class=\"premium-blog-content-wrapper \">\n\n\t\t\t\t\t<div class=\"premium-blog-inner-container\">\n\n\t\t\t\t\t\t\t\t\t\t\t\t\t\t<h2 class=\"premium-blog-entry-title\">\n\t\t\t<a href=\"https:\/\/garymcavoy.com\/es\/polonia-aprueba-la-excavacion-de-un-bunker-nazi-oculto-que-esconde-la-legendaria-sala-ambar\/\" target=\"_blank\">\n\t\t\t\tPolonia aprueba la excavaci\u00f3n de un b\u00fanker nazi oculto que esconde la legendaria Sala \u00c1mbar\t\t\t<\/a>\n\t\t<\/h2>\n\t\t\t\t<div class=\"premium-blog-entry-meta\">\n\t\t\t\n\t\t\t\n\t\t\t\t\t\t\t<span class=\"premium-blog-meta-separator\">\u2022<\/span>\n\t\t\t\t<div class=\"premium-blog-post-categories premium-blog-meta-data\">\n\t\t\t\t\t<i class=\"fa fa-align-left fa-fw\" aria-hidden=\"true\"><\/i>\n\t\t\t\t\t<a href=\"https:\/\/garymcavoy.com\/es\/category\/pacto-de-la-cruz-de-hierro\/\" rel=\"category tag\">Pacto de la Cruz de Hierro<\/a>\t\t\t\t<\/div>\n\t\t\t\n\t\t\t\t\t<\/div>\n\t\t\n\t\t\t\t\t<\/div>\n\n\t\t\t\t\t\t\t<div class=\"premium-blog-content-inner-wrapper\">\n\t\t<p class=\"premium-blog-post-content\">Lectores de El Pacto de la Cruz de Hierro recordar\u00e1n el infame Tren del Oro nazi que aparece en el libro, y su rumoreada posesi\u00f3n de la legendaria Sala de \u00c1mbar de la emperatriz de [&hellip;]<\/p>\t\t<\/div>\n\t\t\t\t\t\t\t\n\t\t\t\t<\/div>\n\t\t\t<\/div>\n\t\t<\/div>\n\n\t\t\t\t<div class=\"premium-blog-post-outer-container el-asunto-de-avignon\" data-total=\"4\">\n\t\t\t<div class=\"premium-blog-post-container premium-blog-skin-classic\">\n\t\t\t\t\t\t\t\t\t<div class=\"premium-blog-thumb-effect-wrapper\">\n\t\t\t\t\t\t<div class=\"premium-blog-thumbnail-container premium-blog-zoomin-effect\">\n\t\t\t\t\t\t\t<img decoding=\"async\" width=\"719\" height=\"537\" src=\"https:\/\/garymcavoy.com\/wp-content\/uploads\/2024\/09\/SmithsonianSarcophagus.jpg\" class=\"attachment-full size-full wp-image-12436\" alt=\"\" srcset=\"https:\/\/garymcavoy.com\/wp-content\/uploads\/2024\/09\/SmithsonianSarcophagus.jpg 719w, https:\/\/garymcavoy.com\/wp-content\/uploads\/2024\/09\/SmithsonianSarcophagus-600x448.jpg 600w, https:\/\/garymcavoy.com\/wp-content\/uploads\/2024\/09\/SmithsonianSarcophagus-300x224.jpg 300w\" sizes=\"(max-width: 719px) 100vw, 719px\" \/>\t\t\t\t\t\t<\/div>\n\t\t\t\t\t\t\t\t\t\t\t\t\t<div class=\"premium-blog-thumbnail-overlay\">\n\t\t\t\t\t\t\t\t<a class=\"elementor-icon\" href=\"https:\/\/garymcavoy.com\/es\/los-arqueologos-dicen-haber-resuelto-el-misterio-de-un-ataud-de-plomo-descubierto-bajo-notre-dame\/\" target=\"_blank\"><\/a>\n\t\t\t\t\t\t\t<\/div>\n\n\t\t\t\t\t\t\t\t\t\t\t\t\t\t\t\t\t\t<\/div>\n\t\t\t\t\t\t\t\t\t\t\t\t<div class=\"premium-blog-content-wrapper \">\n\n\t\t\t\t\t<div class=\"premium-blog-inner-container\">\n\n\t\t\t\t\t\t\t\t\t\t\t\t\t\t<h2 class=\"premium-blog-entry-title\">\n\t\t\t<a href=\"https:\/\/garymcavoy.com\/es\/los-arqueologos-dicen-haber-resuelto-el-misterio-de-un-ataud-de-plomo-descubierto-bajo-notre-dame\/\" target=\"_blank\">\n\t\t\t\tLos arque\u00f3logos dicen haber resuelto el misterio de un ata\u00fad de plomo descubierto bajo Notre-Dame\t\t\t<\/a>\n\t\t<\/h2>\n\t\t\t\t<div class=\"premium-blog-entry-meta\">\n\t\t\t\n\t\t\t\n\t\t\t\t\t\t\t<span class=\"premium-blog-meta-separator\">\u2022<\/span>\n\t\t\t\t<div class=\"premium-blog-post-categories premium-blog-meta-data\">\n\t\t\t\t\t<i class=\"fa fa-align-left fa-fw\" aria-hidden=\"true\"><\/i>\n\t\t\t\t\t<a href=\"https:\/\/garymcavoy.com\/es\/category\/el-asunto-de-avignon\/\" rel=\"category tag\">El asunto de Avignon<\/a>\t\t\t\t<\/div>\n\t\t\t\n\t\t\t\t\t<\/div>\n\t\t\n\t\t\t\t\t<\/div>\n\n\t\t\t\t\t\t\t<div class=\"premium-blog-content-inner-wrapper\">\n\t\t<p class=\"premium-blog-post-content\">Nuevas investigaciones sugieren que el ocupante del sarc\u00f3fago, antes conocido s\u00f3lo como &#8220;el jinete&#8221;, es Joachim du Bellay, un poeta franc\u00e9s del Renacimiento que muri\u00f3 en 1560. Cuando las excavaciones de la catedral de Notre-Dame [&hellip;]<\/p>\t\t<\/div>\n\t\t\t\t\t\t\t\n\t\t\t\t<\/div>\n\t\t\t<\/div>\n\t\t<\/div>\n\n\t\t\t\t<div class=\"premium-blog-post-outer-container la-profecia-de-petrus\" data-total=\"4\">\n\t\t\t<div class=\"premium-blog-post-container premium-blog-skin-classic\">\n\t\t\t\t\t\t\t\t\t<div class=\"premium-blog-thumb-effect-wrapper\">\n\t\t\t\t\t\t<div class=\"premium-blog-thumbnail-container premium-blog-zoomin-effect\">\n\t\t\t\t\t\t\t<img loading=\"lazy\" decoding=\"async\" width=\"1048\" height=\"594\" src=\"https:\/\/garymcavoy.com\/wp-content\/uploads\/2024\/04\/Planet9.jpeg\" class=\"attachment-full size-full wp-image-12497\" alt=\"\" srcset=\"https:\/\/garymcavoy.com\/wp-content\/uploads\/2024\/04\/Planet9.jpeg 1048w, https:\/\/garymcavoy.com\/wp-content\/uploads\/2024\/04\/Planet9-600x340.jpeg 600w, https:\/\/garymcavoy.com\/wp-content\/uploads\/2024\/04\/Planet9-300x170.jpeg 300w, https:\/\/garymcavoy.com\/wp-content\/uploads\/2024\/04\/Planet9-1024x580.jpeg 1024w, https:\/\/garymcavoy.com\/wp-content\/uploads\/2024\/04\/Planet9-768x435.jpeg 768w\" sizes=\"(max-width: 1048px) 100vw, 1048px\" \/>\t\t\t\t\t\t<\/div>\n\t\t\t\t\t\t\t\t\t\t\t\t\t<div class=\"premium-blog-thumbnail-overlay\">\n\t\t\t\t\t\t\t\t<a class=\"elementor-icon\" href=\"https:\/\/garymcavoy.com\/es\/los-astronomos-hallan-pruebas-de-un-objeto-masivo-mas-alla-de-la-orbita-de-neptuno\/\" target=\"_blank\"><\/a>\n\t\t\t\t\t\t\t<\/div>\n\n\t\t\t\t\t\t\t\t\t\t\t\t\t\t\t\t\t\t<\/div>\n\t\t\t\t\t\t\t\t\t\t\t\t<div class=\"premium-blog-content-wrapper \">\n\n\t\t\t\t\t<div class=\"premium-blog-inner-container\">\n\n\t\t\t\t\t\t\t\t\t\t\t\t\t\t<h2 class=\"premium-blog-entry-title\">\n\t\t\t<a href=\"https:\/\/garymcavoy.com\/es\/los-astronomos-hallan-pruebas-de-un-objeto-masivo-mas-alla-de-la-orbita-de-neptuno\/\" target=\"_blank\">\n\t\t\t\tLos astr\u00f3nomos hallan pruebas de un objeto masivo m\u00e1s all\u00e1 de la \u00f3rbita de Neptuno\t\t\t<\/a>\n\t\t<\/h2>\n\t\t\t\t<div class=\"premium-blog-entry-meta\">\n\t\t\t\n\t\t\t\n\t\t\t\t\t\t\t<span class=\"premium-blog-meta-separator\">\u2022<\/span>\n\t\t\t\t<div class=\"premium-blog-post-categories premium-blog-meta-data\">\n\t\t\t\t\t<i class=\"fa fa-align-left fa-fw\" aria-hidden=\"true\"><\/i>\n\t\t\t\t\t<a href=\"https:\/\/garymcavoy.com\/es\/category\/la-profecia-de-petrus\/\" rel=\"category tag\">La profec\u00eda de Petrus<\/a>\t\t\t\t<\/div>\n\t\t\t\n\t\t\t\t\t<\/div>\n\t\t\n\t\t\t\t\t<\/div>\n\n\t\t\t\t\t\t\t<div class=\"premium-blog-content-inner-wrapper\">\n\t\t<p class=\"premium-blog-post-content\">Un equipo de investigadores afirma haber encontrado la &#8220;prueba estad\u00edstica m\u00e1s s\u00f3lida hasta ahora de que el Planeta 9 est\u00e1 realmente ah\u00ed fuera&#8221; en el sistema solar, tras estudiar una poblaci\u00f3n de objetos distantes e [&hellip;]<\/p>\t\t<\/div>\n\t\t\t\t\t\t\t\n\t\t\t\t<\/div>\n\t\t\t<\/div>\n\t\t<\/div>\n\n\t\t\t\t<div class=\"premium-blog-post-outer-container el-guardian-celestial\" data-total=\"4\">\n\t\t\t<div class=\"premium-blog-post-container premium-blog-skin-classic\">\n\t\t\t\t\t\t\t\t\t<div class=\"premium-blog-thumb-effect-wrapper\">\n\t\t\t\t\t\t<div class=\"premium-blog-thumbnail-container premium-blog-zoomin-effect\">\n\t\t\t\t\t\t\t<img loading=\"lazy\" decoding=\"async\" width=\"1200\" height=\"900\" src=\"https:\/\/garymcavoy.com\/wp-content\/uploads\/2024\/02\/Asteroid-Earth-Moon-Final.jpg\" class=\"attachment-full size-full wp-image-12495\" alt=\"\" srcset=\"https:\/\/garymcavoy.com\/wp-content\/uploads\/2024\/02\/Asteroid-Earth-Moon-Final.jpg 1200w, https:\/\/garymcavoy.com\/wp-content\/uploads\/2024\/02\/Asteroid-Earth-Moon-Final-600x450.jpg 600w, https:\/\/garymcavoy.com\/wp-content\/uploads\/2024\/02\/Asteroid-Earth-Moon-Final-300x225.jpg 300w, https:\/\/garymcavoy.com\/wp-content\/uploads\/2024\/02\/Asteroid-Earth-Moon-Final-1024x768.jpg 1024w, https:\/\/garymcavoy.com\/wp-content\/uploads\/2024\/02\/Asteroid-Earth-Moon-Final-768x576.jpg 768w\" sizes=\"(max-width: 1200px) 100vw, 1200px\" \/>\t\t\t\t\t\t<\/div>\n\t\t\t\t\t\t\t\t\t\t\t\t\t<div class=\"premium-blog-thumbnail-overlay\">\n\t\t\t\t\t\t\t\t<a class=\"elementor-icon\" href=\"https:\/\/garymcavoy.com\/es\/un-asteroide-del-tamano-de-un-rascacielos-pasara-a-17-m-de-la-tierra\/\" target=\"_blank\"><\/a>\n\t\t\t\t\t\t\t<\/div>\n\n\t\t\t\t\t\t\t\t\t\t\t\t\t\t\t\t\t\t<\/div>\n\t\t\t\t\t\t\t\t\t\t\t\t<div class=\"premium-blog-content-wrapper \">\n\n\t\t\t\t\t<div class=\"premium-blog-inner-container\">\n\n\t\t\t\t\t\t\t\t\t\t\t\t\t\t<h2 class=\"premium-blog-entry-title\">\n\t\t\t<a href=\"https:\/\/garymcavoy.com\/es\/un-asteroide-del-tamano-de-un-rascacielos-pasara-a-17-m-de-la-tierra\/\" target=\"_blank\">\n\t\t\t\tUn asteroide del tama\u00f1o de un rascacielos pasar\u00e1 a 1,7 m de la Tierra\t\t\t<\/a>\n\t\t<\/h2>\n\t\t\t\t<div class=\"premium-blog-entry-meta\">\n\t\t\t\n\t\t\t\n\t\t\t\t\t\t\t<span class=\"premium-blog-meta-separator\">\u2022<\/span>\n\t\t\t\t<div class=\"premium-blog-post-categories premium-blog-meta-data\">\n\t\t\t\t\t<i class=\"fa fa-align-left fa-fw\" aria-hidden=\"true\"><\/i>\n\t\t\t\t\t<a href=\"https:\/\/garymcavoy.com\/es\/category\/el-guardian-celestial\/\" rel=\"category tag\">El Guardi\u00e1n Celestial<\/a>\t\t\t\t<\/div>\n\t\t\t\n\t\t\t\t\t<\/div>\n\t\t\n\t\t\t\t\t<\/div>\n\n\t\t\t\t\t\t\t<div class=\"premium-blog-content-inner-wrapper\">\n\t\t<p class=\"premium-blog-post-content\">La NASA afirma que se tratar\u00e1 de un sobrevuelo inofensivo de la roca gigante, uno de los varios objetos cercanos a la Tierra que se prev\u00e9 que pasen por el planeta esta semana. Un asteroide [&hellip;]<\/p>\t\t<\/div>\n\t\t\t\t\t\t\t\n\t\t\t\t<\/div>\n\t\t\t<\/div>\n\t\t<\/div>\n\n\t\t\t\t<div class=\"premium-blog-post-outer-container las-confesiones-del-papa-juana\" data-total=\"4\">\n\t\t\t<div class=\"premium-blog-post-container premium-blog-skin-classic\">\n\t\t\t\t\t\t\t\t\t<div class=\"premium-blog-thumb-effect-wrapper\">\n\t\t\t\t\t\t<div class=\"premium-blog-thumbnail-container premium-blog-zoomin-effect\">\n\t\t\t\t\t\t\t<img loading=\"lazy\" decoding=\"async\" width=\"704\" height=\"563\" src=\"https:\/\/garymcavoy.com\/wp-content\/uploads\/2023\/10\/Two-Priests-Depositphotos_130177564_XL.jpg\" class=\"attachment-full size-full wp-image-12493\" alt=\"\" srcset=\"https:\/\/garymcavoy.com\/wp-content\/uploads\/2023\/10\/Two-Priests-Depositphotos_130177564_XL.jpg 704w, https:\/\/garymcavoy.com\/wp-content\/uploads\/2023\/10\/Two-Priests-Depositphotos_130177564_XL-600x480.jpg 600w, https:\/\/garymcavoy.com\/wp-content\/uploads\/2023\/10\/Two-Priests-Depositphotos_130177564_XL-300x240.jpg 300w\" sizes=\"(max-width: 704px) 100vw, 704px\" \/>\t\t\t\t\t\t<\/div>\n\t\t\t\t\t\t\t\t\t\t\t\t\t<div class=\"premium-blog-thumbnail-overlay\">\n\t\t\t\t\t\t\t\t<a class=\"elementor-icon\" href=\"https:\/\/garymcavoy.com\/es\/la-asamblea-vaticana-pone-sobre-la-mesa-las-cuestiones-mas-delicadas-de-la-iglesia\/\" target=\"_blank\"><\/a>\n\t\t\t\t\t\t\t<\/div>\n\n\t\t\t\t\t\t\t\t\t\t\t\t\t\t\t\t\t\t<\/div>\n\t\t\t\t\t\t\t\t\t\t\t\t<div class=\"premium-blog-content-wrapper \">\n\n\t\t\t\t\t<div class=\"premium-blog-inner-container\">\n\n\t\t\t\t\t\t\t\t\t\t\t\t\t\t<h2 class=\"premium-blog-entry-title\">\n\t\t\t<a href=\"https:\/\/garymcavoy.com\/es\/la-asamblea-vaticana-pone-sobre-la-mesa-las-cuestiones-mas-delicadas-de-la-iglesia\/\" target=\"_blank\">\n\t\t\t\tLa Asamblea Vaticana pone sobre la mesa las cuestiones m\u00e1s delicadas de la Iglesia\t\t\t<\/a>\n\t\t<\/h2>\n\t\t\t\t<div class=\"premium-blog-entry-meta\">\n\t\t\t\n\t\t\t\n\t\t\t\t\t\t\t<span class=\"premium-blog-meta-separator\">\u2022<\/span>\n\t\t\t\t<div class=\"premium-blog-post-categories premium-blog-meta-data\">\n\t\t\t\t\t<i class=\"fa fa-align-left fa-fw\" aria-hidden=\"true\"><\/i>\n\t\t\t\t\t<a href=\"https:\/\/garymcavoy.com\/es\/category\/las-confesiones-del-papa-juana\/\" rel=\"category tag\">Las Confesiones del Papa Juana<\/a>\t\t\t\t<\/div>\n\t\t\t\n\t\t\t\t\t<\/div>\n\t\t\n\t\t\t\t\t<\/div>\n\n\t\t\t\t\t\t\t<div class=\"premium-blog-content-inner-wrapper\">\n\t\t<p class=\"premium-blog-post-content\">A lo largo de su d\u00e9cada como l\u00edder de la Iglesia Cat\u00f3lica Romana, el Papa Francisco ha permitido debates sobre temas que antes eran tab\u00fa y ha puesto en marcha sutiles giros hacia cambios liberalizadores [&hellip;]<\/p>\t\t<\/div>\n\t\t\t\t\t\t\t\n\t\t\t\t<\/div>\n\t\t\t<\/div>\n\t\t<\/div>\n\n\t\t\t\t\t\t\t<\/div>\n\n\t\t\n\t\t\n\t\t\t\t\t\t<\/div>\n\t\t\t\t<div class=\"elementor-element elementor-element-95d0b0e elementor-widget elementor-widget-spacer\" data-id=\"95d0b0e\" data-element_type=\"widget\" data-e-type=\"widget\" data-widget_type=\"spacer.default\">\n\t\t\t\t\t\t\t<div class=\"elementor-spacer\">\n\t\t\t<div class=\"elementor-spacer-inner\"><\/div>\n\t\t<\/div>\n\t\t\t\t\t\t<\/div>\n\t\t\t\t\t<\/div>\n\t\t<\/div>\n\t\t\t\t\t<\/div>\n\t\t<\/section>\n\t\t\t\t<\/div>\n\t\t","protected":false},"excerpt":{"rendered":"<p>Noticias y art\u00edculos relacionados con temas hist\u00f3ricos o contempor\u00e1neos tratados en mis novelas. Selecciona de qu\u00e9 libro quieres ver noticias&#8230; All Covenant of the Iron Cross The Avignon Affair The Celestial Guardian The Confessions of [&hellip;]<\/p>\n","protected":false},"author":1,"featured_media":12380,"parent":0,"menu_order":0,"comment_status":"closed","ping_status":"closed","template":"template\/page\/fullwidth.php","meta":{"iawp_total_views":0,"footnotes":""},"class_list":["post-12378","page","type-page","status-publish","has-post-thumbnail","hentry"],"_links":{"self":[{"href":"https:\/\/garymcavoy.com\/es\/wp-json\/wp\/v2\/pages\/12378","targetHints":{"allow":["GET"]}}],"collection":[{"href":"https:\/\/garymcavoy.com\/es\/wp-json\/wp\/v2\/pages"}],"about":[{"href":"https:\/\/garymcavoy.com\/es\/wp-json\/wp\/v2\/types\/page"}],"author":[{"embeddable":true,"href":"https:\/\/garymcavoy.com\/es\/wp-json\/wp\/v2\/users\/1"}],"replies":[{"embeddable":true,"href":"https:\/\/garymcavoy.com\/es\/wp-json\/wp\/v2\/comments?post=12378"}],"version-history":[{"count":0,"href":"https:\/\/garymcavoy.com\/es\/wp-json\/wp\/v2\/pages\/12378\/revisions"}],"wp:featuredmedia":[{"embeddable":true,"href":"https:\/\/garymcavoy.com\/es\/wp-json\/wp\/v2\/media\/12380"}],"wp:attachment":[{"href":"https:\/\/garymcavoy.com\/es\/wp-json\/wp\/v2\/media?parent=12378"}],"curies":[{"name":"wp","href":"https:\/\/api.w.org\/{rel}","templated":true}]}}